{"id":2125,"date":"2018-04-27T12:07:07","date_gmt":"2018-04-27T10:07:07","guid":{"rendered":"http:\/\/ollerbrokers.com\/solucionisss-2\/construccio-i-muntatge\/desenal\/"},"modified":"2026-05-21T15:30:06","modified_gmt":"2026-05-21T13:30:06","slug":"desenal","status":"publish","type":"page","link":"https:\/\/ollerbrokers.com\/ca\/assegurances-empreses\/construccio-i-muntatge\/desenal\/","title":{"rendered":"Desenal"},"content":{"rendered":"<p>[et_pb_section fb_built=\u00bb1&#8243; _builder_version=\u00bb4.16&#8243; background_image=\u00bbhttps:\/\/ollerbrokers.com\/wp-content\/uploads\/2018\/05\/cabecera-responsabilidad-civil.jpg\u00bb background_size=\u00bbinitial\u00bb locked=\u00bboff\u00bb global_colors_info=\u00bb{}\u00bb][et_pb_row _builder_version=\u00bb4.16&#8243; custom_padding=\u00bb100px||100px|\u00bb global_colors_info=\u00bb{}\u00bb][et_pb_column type=\u00bb4_4&#8243; _builder_version=\u00bb4.16&#8243; custom_padding=\u00bb|||\u00bb global_colors_info=\u00bb{}\u00bb custom_padding__hover=\u00bb|||\u00bb][et_pb_text _builder_version=\u00bb4.16&#8243; text_font_size=\u00bb25px\u00bb header_font=\u00bb|300||on|||||\u00bb header_text_align=\u00bbcenter\u00bb text_orientation=\u00bbcenter\u00bb background_layout=\u00bbdark\u00bb custom_margin=\u00bb||0px|\u00bb global_colors_info=\u00bb{}\u00bb]<\/p>\n<h1>Asseguran\u00e7a Decenal<\/h1>\n<p>[\/et_pb_text][\/et_pb_column][\/et_pb_row][\/et_pb_section][et_pb_section fb_built=\u00bb1&#8243; custom_padding_last_edited=\u00bbon|desktop\u00bb _builder_version=\u00bb4.16&#8243; custom_padding_tablet=\u00bb\u00bb custom_padding_phone=\u00bb0px|||\u00bb locked=\u00bboff\u00bb global_colors_info=\u00bb{}\u00bb][et_pb_row custom_padding_last_edited=\u00bbon|desktop\u00bb _builder_version=\u00bb4.16&#8243; background_size=\u00bbinitial\u00bb background_position=\u00bbtop_left\u00bb background_repeat=\u00bbrepeat\u00bb custom_padding_tablet=\u00bb\u00bb custom_padding_phone=\u00bb0px||0px|\u00bb global_colors_info=\u00bb{}\u00bb][et_pb_column type=\u00bb4_4&#8243; _builder_version=\u00bb4.16&#8243; custom_padding=\u00bb|||\u00bb global_colors_info=\u00bb{}\u00bb custom_padding__hover=\u00bb|||\u00bb][et_pb_text _builder_version=\u00bb4.16&#8243; custom_padding_tablet=\u00bb\u00bb custom_padding_phone=\u00bb0px||0px|\u00bb custom_padding_last_edited=\u00bbon|desktop\u00bb global_colors_info=\u00bb{}\u00bb]<\/p>\n<p style=\"text-align: center;\">Dirigida a promotors i constructors, l&#8217;asseguran\u00e7a decenal cobreix, com indica el seu nom, el per\u00edode de 10 anys, durant els quals encara es poden produir danys materials a l\u2019edifici a causa de vicis o defectes en la fonamentaci\u00f3 i estructura, que comprometin directament l\u2019estabilitat de l\u2019edifici.<\/p>\n<p>[\/et_pb_text][\/et_pb_column][\/et_pb_row][\/et_pb_section][et_pb_section fb_built=\u00bb1&#8243; _builder_version=\u00bb4.27.5&#8243; background_color=\u00bb#f7f7f7&#8243; locked=\u00bboff\u00bb global_colors_info=\u00bb{}\u00bb][et_pb_row custom_padding_last_edited=\u00bbon|desktop\u00bb _builder_version=\u00bb4.16&#8243; background_size=\u00bbinitial\u00bb background_position=\u00bbtop_left\u00bb background_repeat=\u00bbrepeat\u00bb custom_padding_tablet=\u00bb\u00bb custom_padding_phone=\u00bb0px||0px|\u00bb global_colors_info=\u00bb{}\u00bb][et_pb_column type=\u00bb4_4&#8243; _builder_version=\u00bb4.16&#8243; custom_padding=\u00bb|||\u00bb global_colors_info=\u00bb{}\u00bb custom_padding__hover=\u00bb|||\u00bb][et_pb_text _builder_version=\u00bb4.16&#8243; global_colors_info=\u00bb{}\u00bb]<\/p>\n<h2 style=\"text-align: center;\">Cobertures m\u00e9s destacades de l\u2019Asseguran\u00e7a Decenal<\/h2>\n<p>[\/et_pb_text][et_pb_text _builder_version=\u00bb4.27.5&#8243; global_colors_info=\u00bb{}\u00bb]<\/p>\n<p>L\u2019objectiu de l\u2019asseguran\u00e7a \u00e9s proporcionar cobertura segons el que estableix la Llei d\u2019Ordenaci\u00f3 de l\u2019Edificaci\u00f3.<\/p>\n<p>[\/et_pb_text][\/et_pb_column][\/et_pb_row][et_pb_row column_structure=\u00bb1_2,1_2&#8243; _builder_version=\u00bb4.16&#8243; background_size=\u00bbinitial\u00bb background_position=\u00bbtop_left\u00bb background_repeat=\u00bbrepeat\u00bb global_colors_info=\u00bb{}\u00bb][et_pb_column type=\u00bb1_2&#8243; _builder_version=\u00bb4.16&#8243; custom_padding=\u00bb|||\u00bb global_colors_info=\u00bb{}\u00bb custom_padding__hover=\u00bb|||\u00bb][et_pb_text _builder_version=\u00bb4.16&#8243; custom_css_before=\u00bbcontent: url(https:\/\/ollerbrokers.com\/wp-content\/uploads\/2018\/05\/ico-basica.png);||float:left;||margin-right:20px;||\u00bb global_colors_info=\u00bb{}\u00bb]<\/p>\n<h4>GARANTIA B\u00c0SICA DE DANYS ESTRUCTURALS<\/h4>\n<p><\/p>\n<p style=\"overflow: hidden;\">Dins dels l\u00edmits establerts a la p\u00f2lissa, l\u2019Assegurat garanteix durant 10 anys, a partir de la data d\u2019efecte indicada, la indemnitzaci\u00f3 o reparaci\u00f3 dels danys causats a l\u2019edifici assegurat per vicis o defectes que tinguin el seu origen o afectin l\u2019obra fonamental, i que comprometin directament la seva resist\u00e8ncia mec\u00e0nica i estabilitat.<\/p>\n<p>[\/et_pb_text][et_pb_text _builder_version=\u00bb4.16&#8243; custom_css_before=\u00bbcontent: url(https:\/\/ollerbrokers.com\/wp-content\/uploads\/2018\/05\/ico-danosurban.png);||float:left;||margin-right:20px;||\u00bb global_colors_info=\u00bb{}\u00bb]<\/p>\n<h4>Danys materials en la urbanitzaci\u00f3<\/h4>\n<p><\/p>\n<p style=\"overflow: hidden; text-align: left;\">Sempre que els mateixos siguin conseq\u00fc\u00e8ncia directa d\u2019un sinistre a indemnitzar.<\/p>\n<p>[\/et_pb_text][et_pb_text _builder_version=\u00bb4.16&#8243; custom_css_before=\u00bbcontent: url(https:\/\/ollerbrokers.com\/wp-content\/uploads\/2018\/05\/ico-demolicion.png);||float:left;||margin-right:20px;||\u00bb global_colors_info=\u00bb{}\u00bb]<\/p>\n<p data-start=\"41\" data-end=\"90\"><strong data-start=\"42\" data-end=\"90\">DESPESES DE DEMOLICI\u00d3 I RETIRADA D\u2019ENDERROCS<\/strong><\/p>\n<p><\/p>\n<p style=\"overflow: hidden;\">Que hagin estat necess\u00e0ries com a conseq\u00fc\u00e8ncia dels danys materials a la construcci\u00f3.<\/p>\n<p>[\/et_pb_text][et_pb_text _builder_version=\u00bb4.16&#8243; custom_css_before=\u00bbcontent: url(https:\/\/ollerbrokers.com\/wp-content\/uploads\/2018\/05\/ico-desecombro.png);||float:left;||margin-right:20px;||\u00bb global_colors_info=\u00bb{}\u00bb]<\/p>\n<h4>Les despeses de retirada d\u2019enderrocs de les parts danyades<\/h4>\n<p>[\/et_pb_text][\/et_pb_column][et_pb_column type=\u00bb1_2&#8243; _builder_version=\u00bb4.16&#8243; custom_padding=\u00bb|||\u00bb global_colors_info=\u00bb{}\u00bb custom_padding__hover=\u00bb|||\u00bb][et_pb_text _builder_version=\u00bb4.16&#8243; custom_css_before=\u00bbcontent: url(https:\/\/ollerbrokers.com\/wp-content\/uploads\/2018\/05\/ico-reparacion.png);||float:left;||margin-right:20px;||\u00bb global_colors_info=\u00bb{}\u00bb]<\/p>\n<h4>Els costos de reparaci\u00f3 o restituci\u00f3<\/h4>\n<p><\/p>\n<p style=\"overflow: hidden;\">D\u2019aquelles altres parts de l\u2019edifici danyades com a conseq\u00fc\u00e8ncia de sinistres d\u2019impermeabilitzaci\u00f3 i estanquitat.<\/p>\n<p>[\/et_pb_text][et_pb_text _builder_version=\u00bb4.16&#8243; custom_css_before=\u00bbcontent: url(https:\/\/ollerbrokers.com\/wp-content\/uploads\/2018\/05\/ico-reparacion2.png);||float:left;||margin-right:20px;||\u00bb global_colors_info=\u00bb{}\u00bb]<\/p>\n<h4>Costos raonables de reparaci\u00f3 o restituci\u00f3<\/h4>\n<p><\/p>\n<p style=\"overflow: hidden;\">Aquelles altres parts de l\u2019edifici danyades intencionadament i necess\u00e0riament amb l\u2019\u00fanic fi de reparar els danys causats.<\/p>\n<p>[\/et_pb_text][et_pb_text _builder_version=\u00bb4.16&#8243; custom_css_before=\u00bbcontent: url(https:\/\/ollerbrokers.com\/wp-content\/uploads\/2018\/05\/ico-impermeabilizacion.png);||float:left;||margin-right:20px;||\u00bb global_colors_info=\u00bb{}\u00bb]<\/p>\n<h4>GARANTIA D\u2019IMPERMEABILITZACI\u00d3 I ESTANQUE\u00cfTAT<\/h4>\n<p><\/p>\n<p style=\"overflow: hidden;\">Els costos de reparaci\u00f3 o reposici\u00f3 d\u2019aquells elements descrits com a unitat d\u2019obra, que garanteixen la impermeabilitzaci\u00f3 de cobertes, terrasses i teulades, impermeabilitzaci\u00f3 de fa\u00e7anes i impermeabilitzaci\u00f3 de soterranis danyats com a conseq\u00fc\u00e8ncia d\u2019errors de disseny, defectes en els materials o en la seva execuci\u00f3, sempre que s\u2019hagi manifestat un dany material causat per l\u2019aigua.<\/p>\n<p>[\/et_pb_text][\/et_pb_column][\/et_pb_row][\/et_pb_section][et_pb_section fb_built=\u00bb1&#8243; _builder_version=\u00bb4.16&#8243; background_color=\u00bb#f7f7f7&#8243; locked=\u00bboff\u00bb global_colors_info=\u00bb{}\u00bb][et_pb_row custom_padding_last_edited=\u00bbon|desktop\u00bb _builder_version=\u00bb4.16&#8243; background_size=\u00bbinitial\u00bb background_position=\u00bbtop_left\u00bb background_repeat=\u00bbrepeat\u00bb custom_padding_tablet=\u00bb\u00bb custom_padding_phone=\u00bb0px||0px|\u00bb global_colors_info=\u00bb{}\u00bb][et_pb_column type=\u00bb4_4&#8243; _builder_version=\u00bb4.16&#8243; custom_padding=\u00bb|||\u00bb global_colors_info=\u00bb{}\u00bb custom_padding__hover=\u00bb|||\u00bb][et_pb_text _builder_version=\u00bb4.16&#8243; custom_margin_tablet=\u00bb\u00bb custom_margin_phone=\u00bb0px||0px|\u00bb custom_margin_last_edited=\u00bbon|desktop\u00bb custom_padding_tablet=\u00bb\u00bb custom_padding_phone=\u00bb0px||0px|\u00bb custom_padding_last_edited=\u00bbon|phone\u00bb global_colors_info=\u00bb{}\u00bb]<\/p>\n<h5 style=\"text-align: center;\">Productes relacionats<\/h5>\n<p>[\/et_pb_text][\/et_pb_column][\/et_pb_row][et_pb_row column_structure=\u00bb1_3,1_3,1_3&#8243; _builder_version=\u00bb4.16&#8243; background_size=\u00bbinitial\u00bb background_position=\u00bbtop_left\u00bb background_repeat=\u00bbrepeat\u00bb global_colors_info=\u00bb{}\u00bb][et_pb_column type=\u00bb1_3&#8243; _builder_version=\u00bb4.16&#8243; custom_padding=\u00bb|||\u00bb global_colors_info=\u00bb{}\u00bb custom_padding__hover=\u00bb|||\u00bb][et_pb_code _builder_version=\u00bb4.16&#8243; text_orientation=\u00bbcenter\u00bb global_colors_info=\u00bb{}\u00bb]<\/p>\n<div><!-- [et_pb_line_break_holder] --><a href=\"https:\/\/ollerbrokers.com\/ca\/assegurances-empreses\/patrimoni\/tot-risc-danys-materials\/\"><!-- [et_pb_line_break_holder] --><img decoding=\"async\" src=\"https:\/\/ollerbrokers.com\/wp-content\/uploads\/2018\/05\/prod-danos.png\" style=\"display:block;margin:0 auto;margin-bottom:20px\"><!-- [et_pb_line_break_holder] --><\/p>\n<h6 style=\"text-align: center;font-size:20px;\">Tot Risc Danys Materials<\/h6>\n<p><!-- [et_pb_line_break_holder] --><\/a><!-- [et_pb_line_break_holder] --><\/div>\n<p>[\/et_pb_code][\/et_pb_column][et_pb_column type=\u00bb1_3&#8243; _builder_version=\u00bb4.16&#8243; custom_padding=\u00bb|||\u00bb global_colors_info=\u00bb{}\u00bb custom_padding__hover=\u00bb|||\u00bb][et_pb_code _builder_version=\u00bb4.16&#8243; text_orientation=\u00bbcenter\u00bb global_colors_info=\u00bb{}\u00bb]<\/p>\n<div><!-- [et_pb_line_break_holder] --><a href=\"https:\/\/ollerbrokers.com\/ca\/assegurances-empreses\/personals\/asseguranca-daccidents\/\"><!-- [et_pb_line_break_holder] --><img decoding=\"async\" style=\"display: block; margin: 0 auto; margin-bottom: 20px;\" src=\"https:\/\/ollerbrokers.com\/wp-content\/uploads\/2018\/05\/prod-accidentes.png\" \/><!-- [et_pb_line_break_holder] --><\/a><\/p>\n<h6 style=\"text-align: center; font-size: 20px;\">Asseguran\u00e7a d\u2019Accidents<\/h6>\n<p><a href=\"https:\/\/ollerbrokers.com\/ca\/assegurances-empreses\/personals\/asseguranca-daccidents\/\"><!-- [et_pb_line_break_holder] --><\/a><!-- [et_pb_line_break_holder] --><\/div>\n<p>[\/et_pb_code][\/et_pb_column][et_pb_column type=\u00bb1_3&#8243; _builder_version=\u00bb4.16&#8243; custom_padding=\u00bb|||\u00bb global_colors_info=\u00bb{}\u00bb custom_padding__hover=\u00bb|||\u00bb][et_pb_code _builder_version=\u00bb4.16&#8243; text_orientation=\u00bbcenter\u00bb global_colors_info=\u00bb{}\u00bb]<\/p>\n<div><!-- [et_pb_line_break_holder] --><a href=\"https:\/\/ollerbrokers.com\/ca\/assegurances-empreses\/responsabilitat-civil\/empreses\/\"><!-- [et_pb_line_break_holder] --><img decoding=\"async\" style=\"display: block; margin: 0 auto; margin-bottom: 20px;\" src=\"https:\/\/ollerbrokers.com\/wp-content\/uploads\/2018\/05\/prod-rc.png\" \/><!-- [et_pb_line_break_holder] --><\/a><\/p>\n<h6 style=\"text-align: center; font-size: 20px;\">Responsabilitat Civil Empresarial<\/h6>\n<p><a href=\"https:\/\/ollerbrokers.com\/ca\/assegurances-empreses\/responsabilitat-civil\/empreses\/\"><!-- [et_pb_line_break_holder] --><\/a><!-- [et_pb_line_break_holder] --><\/div>\n<p>[\/et_pb_code][\/et_pb_column][\/et_pb_row][\/et_pb_section][et_pb_section fb_built=\u00bb1&#8243; _builder_version=\u00bb4.16&#8243; background_color=\u00bb#9b1f2e\u00bb locked=\u00bboff\u00bb global_colors_info=\u00bb{}\u00bb][et_pb_row column_structure=\u00bb2_3,1_3&#8243; _builder_version=\u00bb4.16&#8243; background_size=\u00bbinitial\u00bb background_position=\u00bbtop_left\u00bb background_repeat=\u00bbrepeat\u00bb custom_margin=\u00bb||0px|\u00bb custom_padding=\u00bb|||\u00bb global_colors_info=\u00bb{}\u00bb][et_pb_column type=\u00bb2_3&#8243; _builder_version=\u00bb4.16&#8243; custom_padding=\u00bb||0px|\u00bb global_colors_info=\u00bb{}\u00bb custom_padding__hover=\u00bb|||\u00bb][et_pb_text _builder_version=\u00bb4.16&#8243; text_font=\u00bbSignika||||||||\u00bb text_text_color=\u00bb#ffffff\u00bb text_font_size=\u00bb32px\u00bb text_line_height=\u00bb1.5em\u00bb header_font=\u00bbSignika||||||||\u00bb header_text_color=\u00bb#ffffff\u00bb header_font_size=\u00bb32px\u00bb header_line_height=\u00bb1.5em\u00bb background_layout=\u00bbdark\u00bb custom_padding=\u00bb||0px|\u00bb text_line_height_tablet=\u00bb\u00bb text_line_height_phone=\u00bb\u00bb text_line_height_last_edited=\u00bbon|phone\u00bb global_colors_info=\u00bb{}\u00bb]<\/p>\n<p style=\"font-size: 32px !important; font-weight: regular !important; padding-bottom: 0 !important;\">Necessites ajuda?<br \/>Contacta amb nosaltres sense comprom\u00eds<\/p>\n<p><\/p>\n<p>Truca\u2019ns o deixa\u2019ns les teves dades perqu\u00e8 et contactem nosaltres<\/p>\n<p>[\/et_pb_text][\/et_pb_column][et_pb_column type=\u00bb1_3&#8243; _builder_version=\u00bb4.16&#8243; custom_padding=\u00bb||0px|\u00bb global_colors_info=\u00bb{}\u00bb custom_padding__hover=\u00bb|||\u00bb][et_pb_code _builder_version=\u00bb4.27.4&#8243; global_colors_info=\u00bb{}\u00bb]<a id=\"boton-formulario-CAT\" class=\"et_pb_button et_pb_module et_pb_button_1 et_pb_bg_layout_light\" style=\"background-color: #ffff;color:black !important;<!-- [et_pb_line_break_holder] -->margin-top: 50px;border: 1px solid #fff;\u00bb href=\u00bb\u00bb>Contacta amb nosaltres<\/a>[\/et_pb_code][\/et_pb_column][\/et_pb_row][\/et_pb_section]<\/p>\n<span class=\"et_bloom_bottom_trigger\"><\/span>","protected":false},"excerpt":{"rendered":"<p>Asseguran\u00e7a DecenalDirigida a promotors i constructors, l&#8217;asseguran\u00e7a decenal cobreix, com indica el seu nom, el per\u00edode de 10 anys, durant els quals encara es poden produir danys materials a l\u2019edifici a causa de vicis o defectes en la fonamentaci\u00f3 i estructura, que comprometin directament l\u2019estabilitat de l\u2019edifici.Cobertures m\u00e9s destacades de l\u2019Asseguran\u00e7a DecenalL\u2019objectiu de l\u2019asseguran\u00e7a \u00e9s [&hellip;]<\/p>\n","protected":false},"author":6,"featured_media":0,"parent":2069,"menu_order":0,"comment_status":"closed","ping_status":"closed","template":"","meta":{"_et_pb_use_builder":"on","_et_pb_old_content":"","_et_gb_content_width":"","footnotes":""},"class_list":["post-2125","page","type-page","status-publish","hentry"],"_links":{"self":[{"href":"https:\/\/ollerbrokers.com\/ca\/wp-json\/wp\/v2\/pages\/2125","targetHints":{"allow":["GET"]}}],"collection":[{"href":"https:\/\/ollerbrokers.com\/ca\/wp-json\/wp\/v2\/pages"}],"about":[{"href":"https:\/\/ollerbrokers.com\/ca\/wp-json\/wp\/v2\/types\/page"}],"author":[{"embeddable":true,"href":"https:\/\/ollerbrokers.com\/ca\/wp-json\/wp\/v2\/users\/6"}],"replies":[{"embeddable":true,"href":"https:\/\/ollerbrokers.com\/ca\/wp-json\/wp\/v2\/comments?post=2125"}],"version-history":[{"count":70,"href":"https:\/\/ollerbrokers.com\/ca\/wp-json\/wp\/v2\/pages\/2125\/revisions"}],"predecessor-version":[{"id":10765,"href":"https:\/\/ollerbrokers.com\/ca\/wp-json\/wp\/v2\/pages\/2125\/revisions\/10765"}],"up":[{"embeddable":true,"href":"https:\/\/ollerbrokers.com\/ca\/wp-json\/wp\/v2\/pages\/2069"}],"wp:attachment":[{"href":"https:\/\/ollerbrokers.com\/ca\/wp-json\/wp\/v2\/media?parent=2125"}],"curies":[{"name":"wp","href":"https:\/\/api.w.org\/{rel}","templated":true}]}}